{"id":374,"date":"2018-10-11T10:21:26","date_gmt":"2018-10-11T10:21:26","guid":{"rendered":"http:\/\/www.emades.ubi.pt\/?page_id=374"},"modified":"2021-07-06T08:44:47","modified_gmt":"2021-07-06T08:44:47","slug":"comunicacao-e-disseminacao","status":"publish","type":"page","link":"https:\/\/emades.ubi.pt\/index.php\/equipa\/comunicacoes\/comunicacao-e-disseminacao\/","title":{"rendered":"Comunica\u00e7\u00e3o e Dissemina\u00e7\u00e3o"},"content":{"rendered":"<h3><strong>2021<\/strong><\/h3>\n<p>&gt;Carla Sousa &amp; Anabela Gradim (2021). \u201cDificuldades dos investigadores para comunicar ci\u00eancia para p\u00fablicos n\u00e3o especializados: o caso EMaDeS\u201d. Congresso SciComPt 2021, 23-25 de junho, congresso online, Portugal.<\/p>\n<p>Carla Sousa &amp; Anabela Gradim (2021). \u201cO estudo de caso como metodologia para avaliar a transfer\u00eancia de conhecimento e tecnologia entre universidade e empresa-o caso EMaDeS\u201d. I Jornadas de Ci\u00eancias da Comunica\u00e7\u00e3o FLUC, 29-30 de junho, congresso online, Portugal.<\/p>\n<h3>2020<\/h3>\n<p>&gt;Carla Sousa &amp; Anabela Gradim. Poster cient\u00edfico \u201cComunica\u00e7\u00e3o de ci\u00eancia: boas pr\u00e1ticas para a transfer\u00eancia de conhecimento e tecnologia entre academia e a ind\u00fastria &#8211; o caso EMaDeS\u201d. Encontro com a Ci\u00eancia e Tecnologia em Portugal, 3 e 4 november, Centro de Congressos de Lisboa, Lisboa, Portugal.<\/p>\n<h3>2019<\/h3>\n<p>&gt; Anabela Gradim. \u201cA ci\u00eancia e o espa\u00e7o p\u00fablico\u201d. (Com) Vida Ciclo de Confer\u00eancias sobre Ci\u00eancia, 22 November, Universidade da Beira Interior, Covilh\u00e3, Portugal.<\/p>\n<p>&gt; Carla Sousa &amp;amp; Anabela Gradim. \u201cDesafios e oportunidades da transfer\u00eancia de conhecimento e tecnologia entre a academia e a ind\u00fastria &#8211; o caso EMaDeS \u201d. XI Congresso Sopcom &#8211; Comunica\u00e7\u00e3o, Turismo e Cultura, 13-15 November, Universidade da Madeira, Funchal, Portugal.<\/p>\n<p><span style=\"font-weight: 400;\">&gt; Carla Sousa &amp; Anabela Gradim. \u201cComunica\u00e7\u00e3o de Ci\u00eancia: Obst\u00e1culos \u00e0 transfer\u00eancia de conhecimento e tecnologia entre a academia e a ind\u00fastria- o caso EMaDeS\u201d.7\u00ba Congresso SciComPT 2019- Comunica\u00e7\u00e3o de Ci\u00eancia e Inclus\u00e3o, 29 &#8211; 31 May, Universidade de Aveiro, Aveiro, Portugal. <\/span><\/p>\n<p>&gt; Carla Sousa\u00a0&amp;\u00a0Anabela Gradim. \u201cO papel da comunica\u00e7\u00e3o no processo de transfer\u00eancia de conhecimento e tecnologia entre a universidade e a ind\u00fastria \u2013 o caso EMaDeS\u201d. XXIII Encontro Internacional de Reflex\u00e3o e Investiga\u00e7\u00e3o, 16 May, Universidade de Tr\u00e1s-os-Montes e Alto Douro, Vila Real, Portugal.<\/p>\n<p>&gt; Carla Sousa &amp; Anabela Gradim. \u201cA import\u00e2ncia da comunica\u00e7\u00e3o para a transfer\u00eancia de conhecimento e tecnologia entre a academia e a ind\u00fastria- o caso EMaDeS\u201d. XESCOM: IV Simp\u00f3sio Internacional sobre Gest\u00e3o da Comunica\u00e7\u00e3o, 25-27 April, Universidade do Porto, Porto, Portugal.<\/p>\n<p>&gt; Anabela Gradim. \u201cComunica\u00e7\u00e3o com o P\u00fablico em Geral: como interagir de forma eficaz\u201d. Encontros de Acompanhamento, Dinamiza\u00e7\u00e3o e Avalia\u00e7\u00e3o do 3\u00ba Ciclo de Estudos de Medicina, 15 February 2019, Universidade da Beira Interior, Covilh\u00e3, Portugal.<\/p>\n<p>&nbsp;<\/p>\n<p>&nbsp;<\/p>\n<p>&nbsp;<\/p>\n<h3>2018<\/h3>\n<p>&gt; Anabela Gradim. \u201cComunica\u00e7\u00e3o de Ci\u00eancia: envolvendo novos p\u00fablicos em I&amp;D\u201d. ENEBT 2018: IV Encontro Nacional de Estudantes de Biotecnologia, 23-26 March, Covilh\u00e3, Portugal.<\/p>\n<p>&gt; Joaquim Paulo Serra. \u201cComunica\u00e7\u00e3o e mediatiza\u00e7\u00e3o: dos meios anal\u00f3gicos aos digitais\u201d. Semin\u00e1rio no Mestrado em L\u00ednguas e Lingu\u00edstica (Ci\u00eancias da Linguagem) da Universidade de \u00c9vora, 11 April 2018, \u00c9vora, Portugal.<\/p>\n<p>&gt; Anabela Gradim. \u201cJornalismo e mediatiza\u00e7\u00e3o: desafios da comunica\u00e7\u00e3o no novo ecossistema medi\u00e1tico\u201d. Semin\u00e1rio no Mestrado em L\u00ednguas e Lingu\u00edstica (Ci\u00eancias da Linguagem) da Universidade de \u00c9vora, 11 April 2018, \u00c9vora, Portugal.<\/p>\n<p>&gt; Carla Sousa. \u201cProjeto EMaDeS: Comunica\u00e7\u00e3o de Ci\u00eancia e Monitoriza\u00e7\u00e3o da Rela\u00e7\u00e3o Academia\/Ind\u00fastria\u201d. ENEBT 2018: IV Encontro Nacional de Estudantes de Biotecnologia, 23-26 March, Covilh\u00e3, Portugal.<\/p>\n<p>&gt; Carla Sousa &amp; Anabela Gradim. \u201cOpen Access e Transfer\u00eancia de Conhecimento na Era Digital: O Caso EMaDeS\u201d. Encontro de Jovens Investigadores de Ci\u00eancias da Comunica\u00e7\u00e3o, 11-12 October, Universidade do Porto, Porto, Portugal.<\/p>\n<p>&gt; Carla Sousa &amp; Anabela Gradim. \u201cComunica\u00e7\u00e3o de Ci\u00eancia: Boas pr\u00e1ticas para a transfer\u00eancia de conhecimento e tecnologia entre a academia e a ind\u00fastria &#8211; o caso EMaDeS\u201d. III Confer\u00eancia Comunicar Ci\u00eancia num Mundo em Mudan\u00e7a, 18-19 October, Universidade da Beira Interior, Covilh\u00e3, Portugal.<\/p>\n<p>&gt; Jo\u00e3o Carlos Correia. \u201cComunicar Ci\u00eancia: um olhar sobre a imprensa regional\u201d. III Confer\u00eancia Comunicar Ci\u00eancia num Mundo em Mudan\u00e7a, 18-19 October, Universidade da Beira Interior, Covilh\u00e3, Portugal.<\/p>\n<p>&gt; Jo\u00e3o Carlos Correia. \u201cA divulga\u00e7\u00e3o das Ci\u00eancias Sociais nos meios Digitais na era do Capitalismo Cognitivo\u201d. III Confer\u00eancia Comunicar Ci\u00eancia num Mundo em Mudan\u00e7a, 18-19 October, Universidade da Beira Interior, Covilh\u00e3, Portugal.<\/p>\n","protected":false},"excerpt":{"rendered":"<p>2021 &gt;Carla Sousa &amp; Anabela Gradim (2021). \u201cDificuldades dos investigadores para comunicar ci\u00eancia para p\u00fablicos n\u00e3o especializados: o caso EMaDeS\u201d. Congresso SciComPt 2021, 23-25 de junho, congresso online, Portugal. Carla Sousa &amp; Anabela Gradim (2021). \u201cO estudo de caso como metodologia para avaliar a transfer\u00eancia de conhecimento e tecnologia entre universidade e empresa-o caso EMaDeS\u201d.&hellip;<\/p>\n","protected":false},"author":1,"featured_media":0,"parent":67,"menu_order":0,"comment_status":"closed","ping_status":"closed","template":"","meta":[],"_links":{"self":[{"href":"https:\/\/emades.ubi.pt\/index.php\/wp-json\/wp\/v2\/pages\/374"}],"collection":[{"href":"https:\/\/emades.ubi.pt\/index.php\/wp-json\/wp\/v2\/pages"}],"about":[{"href":"https:\/\/emades.ubi.pt\/index.php\/wp-json\/wp\/v2\/types\/page"}],"author":[{"embeddable":true,"href":"https:\/\/emades.ubi.pt\/index.php\/wp-json\/wp\/v2\/users\/1"}],"replies":[{"embeddable":true,"href":"https:\/\/emades.ubi.pt\/index.php\/wp-json\/wp\/v2\/comments?post=374"}],"version-history":[{"count":16,"href":"https:\/\/emades.ubi.pt\/index.php\/wp-json\/wp\/v2\/pages\/374\/revisions"}],"predecessor-version":[{"id":1880,"href":"https:\/\/emades.ubi.pt\/index.php\/wp-json\/wp\/v2\/pages\/374\/revisions\/1880"}],"up":[{"embeddable":true,"href":"https:\/\/emades.ubi.pt\/index.php\/wp-json\/wp\/v2\/pages\/67"}],"wp:attachment":[{"href":"https:\/\/emades.ubi.pt\/index.php\/wp-json\/wp\/v2\/media?parent=374"}],"curies":[{"name":"wp","href":"https:\/\/api.w.org\/{rel}","templated":true}]}}