{"id":47,"date":"2018-03-16T11:35:22","date_gmt":"2018-03-16T11:35:22","guid":{"rendered":"http:\/\/193.136.67.100\/~emades\/?page_id=47"},"modified":"2019-05-06T14:35:46","modified_gmt":"2019-05-06T14:35:46","slug":"pacotes-de-trabalho","status":"publish","type":"page","link":"https:\/\/emades.ubi.pt\/index.php\/sample-page\/pacotes-de-trabalho\/","title":{"rendered":"Pacotes de Trabalho"},"content":{"rendered":"<p><span><strong>Pacote de Trabalho WP0: Gest\u00e3o de Projetos<br \/>\n<\/strong><\/span><span style=\"color: #333333;\">Coordenadora: Anna Guerman<\/span><\/p>\n<p><span style=\"color: #333333;\"><strong>Objetivos:<br \/>\n<\/strong><\/span><span style=\"color: #333333;\">\u2013 Configurar a coordena\u00e7\u00e3o e controle do projeto, incluindo metas de tempo, documenta\u00e7\u00e3o, procedimentos, gest\u00e3o de riscos, etc.<br \/>\n<\/span><span style=\"color: #333333;\">\u2013 Realizar a gest\u00e3o financeira do Programa;<br \/>\n<\/span><span style=\"color: #333333;\">\u2013 Manter a comunica\u00e7\u00e3o com a Ag\u00eancia de Financiamento;<br \/>\n<\/span><span style=\"color: #333333;\">\u2013 Assegurar a adequada gest\u00e3o de recursos humanos, principalmente a abertura oportuna de bolsas;<br \/>\n<\/span><span style=\"color: #333333;\">\u2013 Manter a comunica\u00e7\u00e3o e coordena\u00e7\u00e3o do Programa com os Programas de Doutoramento envolvidos;<br \/>\n<\/span><span style=\"color: #333333;\">\u2013 Criar um ambiente de trabalho adequado.<\/span><\/p>\n<hr \/>\n<p><span><strong>Pacote de Trabalho WP1: Melhoria da efici\u00eancia energ\u00e9tica em sistemas e m\u00e1quinas<br \/>\n<\/strong><\/span><span style=\"color: #333333;\">Coordenador: Jos\u00e9 P\u00e1scoa Marques<\/span><\/p>\n<p><span style=\"color: #333333;\"><strong>Objetivos:<br \/>\n<\/strong><\/span><span style=\"color: #333333;\">\u2013 Desenvolver estudos fundamentais sobre a f\u00edsica do fluxo de ar e l\u00edquidos, incluindo os fluidos n\u00e3o newtonianos, tais como polpa de papel e pol\u00edmeros;<br \/>\n<\/span><span style=\"color: #333333;\">\u2013 Contribuir para o desenvolvimento de ferramentas computacionais para apoiar o desenho de rotores de energia de m\u00e1quinas de convers\u00e3o;<br \/>\n<\/span><span style=\"color: #333333;\">\u2013 Explorar a inova\u00e7\u00e3o em m\u00e1quinas t\u00e9rmicas, incluindo o desenvolvimento de atuadores de nova gera\u00e7\u00e3o;<br \/>\n<\/span><span style=\"color: #333333;\">\u2013 Estudar a redu\u00e7\u00e3o e conserva\u00e7\u00e3o de energia em sistemas t\u00e9rmicos complexos.<\/span><\/p>\n<hr \/>\n<p><span><strong>Pacote de Trabalho WP2: Materiais Avan\u00e7ados<br \/>\n<\/strong><\/span><span style=\"color: #333333;\">Coordenador: Ab\u00edlio Silva<\/span><\/p>\n<p><span style=\"color: #333333;\"><strong>Objetivos:<br \/>\n<\/strong><\/span><span style=\"color: #333333;\">\u2013 Obter amostras de material comp\u00f3sito com resina nano-refor\u00e7ada;<br \/>\n<\/span><span style=\"color: #333333;\">\u2013 Caracterizar o desempenho mec\u00e2nico de amostras compostas;<br \/>\n<\/span><span style=\"color: #333333;\">\u2013 Caracterizar o tipo de dano das amostras compostas;<br \/>\n<\/span><span style=\"color: #333333;\">\u2013 Optimizar a arquitetura de compostos nano-refor\u00e7ados devido ao desempenho mec\u00e2nico;<br \/>\n<\/span><span style=\"color: #333333;\">\u2013 Optimizar a composi\u00e7\u00e3o cer\u00e2mica do sistema termodin\u00e2mico;<br \/>\n<\/span><span style=\"color: #333333;\">\u2013 Validar a composi\u00e7\u00e3o da matriz cer\u00e2mica;<br \/>\n<\/span><span style=\"color: #333333;\">\u2013 Desenvolver prot\u00f3tipos de produtos com matriz cer\u00e2mica optimizada;<br \/>\n<\/span><span style=\"color: #333333;\">\u2013 Desenvolver produtos prot\u00f3tipos para o sistema cer\u00e2mico (matriz \/ agregado) optimizado;<br \/>\n<\/span><span style=\"color: #333333;\">\u2013 Desenvolver os requisitos para o uso de materiais avan\u00e7ados em v\u00e1rias miss\u00f5es espaciais;<br \/>\n<\/span><span style=\"color: #333333;\">\u2013 Analisar o comportamento din\u00e2mico de grandes estruturas tendo em vista as propriedades do material.<\/span><\/p>\n<hr \/>\n<p><span><strong>Pacote de Trabalho WP3: Otimiza\u00e7\u00e3o de Produtos e Inova\u00e7\u00e3o Tecnol\u00f3gica Incluindo Recursos End\u00f3genos<br \/>\n<\/strong><\/span><span style=\"color: #333333;\">Coordenador: Fernando Santos<\/span><\/p>\n<p><span style=\"color: #333333;\"><strong>Objetivos:<br \/>\n<\/strong><\/span><span style=\"color: #333333;\">\u2013 Fazer o mapeamento do sistema produtivo da Regi\u00e3o Centro segundo os seus diversos sectores de produ\u00e7\u00e3o;<br \/>\n<\/span><span style=\"color: #333333;\">\u2013 Efetuar o levantamento sobre as tecnologias cr\u00edticas a serem desenvolvidas;<br \/>\n<\/span><span style=\"color: #333333;\">\u2013 Explorar a inova\u00e7\u00e3o tecnol\u00f3gica como ferramenta de otimiza\u00e7\u00e3o de produtos e processos;<br \/>\n<\/span><span style=\"color: #333333;\">\u2013 Confec\u00e7\u00e3o de Roadmaps para o desenvolvimento das tecnologias criticas necess\u00e1rias ao aperfei\u00e7oamento produtivo dos diversos setores industriais e\/ou ind\u00fastrias espec\u00edficas.<\/span><\/p>\n<hr \/>\n<p><span><strong>Pacote de Trabalho WP4: Comunica\u00e7\u00e3o e Dissemina\u00e7\u00e3o<br \/>\n<\/strong><\/span><span style=\"color: #333333;\">Coordenadora: Anabela Gradim<\/span><\/p>\n<p><span style=\"color: #333333;\"><strong>Objetivos:<br \/>\n<\/strong><\/span><span style=\"color: #333333;\">\u2013 Promover a comunica\u00e7\u00e3o e divulga\u00e7\u00e3o dos resultados do projeto dentro da academia e entre a comunidade cient\u00edfica;<br \/>\n<\/span><span style=\"color: #333333;\">\u2013 Promover a comunica\u00e7\u00e3o e dissemina\u00e7\u00e3o dos resultados do projeto para a sociedade e o p\u00fablico em geral nas ac\u00e7\u00f5es de divulga\u00e7\u00e3o da Comunica\u00e7\u00e3o Cient\u00edfica.<br \/>\n<\/span><span style=\"color: #333333;\">\u2013 Promover a comunica\u00e7\u00e3o e transfer\u00eancia de conhecimento entre os resultados do projeto e empresas de elevado potencial cient\u00edfico e tecnol\u00f3gico, na Regi\u00e3o Centro de Portugal.<br \/>\n<\/span><span style=\"color: #333333;\">\u2013 Identificar as necessidades dessas empresas, promovendo a interface com a pesquisa realizada no projeto.<br \/>\n<\/span><span style=\"color: #333333;\">\u2013 Estudar o processo de comunica\u00e7\u00e3o entre a academia e a ind\u00fastria, identificando obst\u00e1culos e propondo medidas corretivas.<\/span><\/p>\n","protected":false},"excerpt":{"rendered":"<p>Pacote de Trabalho WP0: Gest\u00e3o de Projetos Coordenadora: Anna Guerman Objetivos: \u2013 Configurar a coordena\u00e7\u00e3o e controle do projeto, incluindo metas de tempo, documenta\u00e7\u00e3o, procedimentos, gest\u00e3o de riscos, etc. \u2013 Realizar a gest\u00e3o financeira do Programa; \u2013 Manter a comunica\u00e7\u00e3o com a Ag\u00eancia de Financiamento; \u2013 Assegurar a adequada gest\u00e3o de recursos humanos, principalmente a&hellip;<\/p>\n","protected":false},"author":1,"featured_media":0,"parent":2,"menu_order":4,"comment_status":"closed","ping_status":"closed","template":"","meta":[],"_links":{"self":[{"href":"https:\/\/emades.ubi.pt\/index.php\/wp-json\/wp\/v2\/pages\/47"}],"collection":[{"href":"https:\/\/emades.ubi.pt\/index.php\/wp-json\/wp\/v2\/pages"}],"about":[{"href":"https:\/\/emades.ubi.pt\/index.php\/wp-json\/wp\/v2\/types\/page"}],"author":[{"embeddable":true,"href":"https:\/\/emades.ubi.pt\/index.php\/wp-json\/wp\/v2\/users\/1"}],"replies":[{"embeddable":true,"href":"https:\/\/emades.ubi.pt\/index.php\/wp-json\/wp\/v2\/comments?post=47"}],"version-history":[{"count":10,"href":"https:\/\/emades.ubi.pt\/index.php\/wp-json\/wp\/v2\/pages\/47\/revisions"}],"predecessor-version":[{"id":1287,"href":"https:\/\/emades.ubi.pt\/index.php\/wp-json\/wp\/v2\/pages\/47\/revisions\/1287"}],"up":[{"embeddable":true,"href":"https:\/\/emades.ubi.pt\/index.php\/wp-json\/wp\/v2\/pages\/2"}],"wp:attachment":[{"href":"https:\/\/emades.ubi.pt\/index.php\/wp-json\/wp\/v2\/media?parent=47"}],"curies":[{"name":"wp","href":"https:\/\/api.w.org\/{rel}","templated":true}]}}