{"id":49,"date":"2018-03-16T11:36:19","date_gmt":"2018-03-16T11:36:19","guid":{"rendered":"http:\/\/193.136.67.100\/~emades\/?page_id=49"},"modified":"2018-07-03T12:58:15","modified_gmt":"2018-07-03T12:58:15","slug":"impacto-na-regiao","status":"publish","type":"page","link":"https:\/\/emades.ubi.pt\/index.php\/sample-page\/impacto-na-regiao\/","title":{"rendered":"Impacto na Regi\u00e3o"},"content":{"rendered":"<p>No ano de 2012, a regi\u00e3o centro registou um \u00edndice de produtividade aparente de 18,22 %, um valor abaixo do percentual nacional que se situou nos 21,63 %. J\u00e1 em 2014, esta zona de Portugal apresentou 19,2 % das exporta\u00e7\u00f5es do total nacional, com uma propor\u00e7\u00e3o de bens de alta tecnologia de apenas 2,0%. Nas regi\u00f5es do interior, estes problemas tendem-se a agravar devido \u00e0 densidade populacional, ao isolamento relativo, ao afastamento dos centros de decis\u00e3o e do ambiente de neg\u00f3cios.<\/p>\n<p>A supera\u00e7\u00e3o destas dificuldades numa regi\u00e3o com um grande potencial de crescimento \u00e9, cada vez mais, uma quest\u00e3o importante na agenda do governo. Os documentos de orienta\u00e7\u00e3o da Comiss\u00e3o Europeia indicam que as \u00fanicas formas de colmatar o atraso na produtividade, aumentar a capacidade de produ\u00e7\u00e3o e a competitividade na economia globalizada passam por apostar em m\u00e3o-de-obra altamente qualificada, promover a transfer\u00eancia de conhecimento e tecnologia da academia para a ind\u00fastria, introduzindo produtos inovadores e processos de fabrica\u00e7\u00e3o, e otimizar os processos de produ\u00e7\u00e3o em setores tradicionais e emergentes.<\/p>\n<p>O conhecimento s\u00f3 poder\u00e1 ser absorvido, se as pr\u00f3prias empresas investirem em inova\u00e7\u00e3o. Assim sendo, torna-se fulcral melhorar os canais de comunica\u00e7\u00e3o entre a academia e a ind\u00fastria, promover a ci\u00eancia produzida nas universidades para os empres\u00e1rios e para o p\u00fablico em geral.<\/p>\n","protected":false},"excerpt":{"rendered":"<p>No ano de 2012, a regi\u00e3o centro registou um \u00edndice de produtividade aparente de 18,22 %, um valor abaixo do percentual nacional que se situou nos 21,63 %. J\u00e1 em 2014, esta zona de Portugal apresentou 19,2 % das exporta\u00e7\u00f5es do total nacional, com uma propor\u00e7\u00e3o de bens de alta tecnologia de apenas 2,0%. Nas&hellip;<\/p>\n","protected":false},"author":1,"featured_media":0,"parent":2,"menu_order":5,"comment_status":"closed","ping_status":"closed","template":"","meta":[],"_links":{"self":[{"href":"https:\/\/emades.ubi.pt\/index.php\/wp-json\/wp\/v2\/pages\/49"}],"collection":[{"href":"https:\/\/emades.ubi.pt\/index.php\/wp-json\/wp\/v2\/pages"}],"about":[{"href":"https:\/\/emades.ubi.pt\/index.php\/wp-json\/wp\/v2\/types\/page"}],"author":[{"embeddable":true,"href":"https:\/\/emades.ubi.pt\/index.php\/wp-json\/wp\/v2\/users\/1"}],"replies":[{"embeddable":true,"href":"https:\/\/emades.ubi.pt\/index.php\/wp-json\/wp\/v2\/comments?post=49"}],"version-history":[{"count":3,"href":"https:\/\/emades.ubi.pt\/index.php\/wp-json\/wp\/v2\/pages\/49\/revisions"}],"predecessor-version":[{"id":271,"href":"https:\/\/emades.ubi.pt\/index.php\/wp-json\/wp\/v2\/pages\/49\/revisions\/271"}],"up":[{"embeddable":true,"href":"https:\/\/emades.ubi.pt\/index.php\/wp-json\/wp\/v2\/pages\/2"}],"wp:attachment":[{"href":"https:\/\/emades.ubi.pt\/index.php\/wp-json\/wp\/v2\/media?parent=49"}],"curies":[{"name":"wp","href":"https:\/\/api.w.org\/{rel}","templated":true}]}}